{"id":2909,"date":"2022-05-21T09:32:02","date_gmt":"2022-05-21T07:32:02","guid":{"rendered":"https:\/\/www.magicpark.com\/?page_id=2909"},"modified":"2025-04-30T22:20:03","modified_gmt":"2025-04-30T20:20:03","slug":"accessibilitat","status":"publish","type":"page","link":"https:\/\/www.magicpark.com\/fr\/accessibilitat\/","title":{"rendered":"Accessibilit\u00e9"},"content":{"rendered":"<div data-elementor-type=\"wp-page\" data-elementor-id=\"2909\" class=\"elementor elementor-2909\" data-elementor-post-type=\"page\">\n\t\t\t\t\t\t<section class=\"elementor-section elementor-top-section elementor-element elementor-element-ca7fee4 elementor-section-full_width elementor-section-height-default elementor-section-height-default\" data-id=\"ca7fee4\" data-element_type=\"section\" data-e-type=\"section\">\n\t\t\t\t\t\t<div class=\"elementor-container elementor-column-gap-no\">\n\t\t\t\t\t<div class=\"elementor-column elementor-col-100 elementor-top-column elementor-element elementor-element-3efa0d9\" data-id=\"3efa0d9\" data-element_type=\"column\" data-e-type=\"column\">\n\t\t\t<div class=\"elementor-widget-wrap elementor-element-populated\">\n\t\t\t\t\t\t<div class=\"elementor-element elementor-element-21f10c7 elementor-position-top elementor-widget elementor-widget-image-box\" data-id=\"21f10c7\" data-element_type=\"widget\" data-e-type=\"widget\" data-widget_type=\"image-box.default\">\n\t\t\t\t\t<div class=\"elementor-image-box-wrapper\"><figure class=\"elementor-image-box-img\"><a href=\"https:\/\/lecturafacil.net\/\" target=\"_blank\" tabindex=\"-1\"><img decoding=\"async\" width=\"202\" height=\"150\" src=\"https:\/\/www.magicpark.com\/wp-content\/uploads\/2024\/04\/Magic-Park-Acessibilitat-Lectura-facil.png\" class=\"attachment-full size-full wp-image-3170\" alt=\"\" \/><\/a><\/figure><div class=\"elementor-image-box-content\"><p class=\"elementor-image-box-title\"><a href=\"https:\/\/lecturafacil.net\/\" target=\"_blank\">Lecture facile<\/a><\/p><\/div><\/div>\t\t\t\t<\/div>\n\t\t\t\t<div class=\"elementor-element elementor-element-7936d43 elementor-widget elementor-widget-heading\" data-id=\"7936d43\" data-element_type=\"widget\" data-e-type=\"widget\" data-widget_type=\"heading.default\">\n\t\t\t\t\t<h2 class=\"elementor-heading-title elementor-size-default\">Bienvenue a Magic Park Platja d'Aro<\/h2>\t\t\t\t<\/div>\n\t\t\t\t<div class=\"elementor-element elementor-element-8a75499 elementor-widget elementor-widget-text-editor\" data-id=\"8a75499\" data-element_type=\"widget\" data-e-type=\"widget\" data-widget_type=\"text-editor.default\">\n\t\t\t\t\t\t\t\t\t<p class=\"translation-block\"><strong>Depuis 2018<\/strong>, le l\u00e9gendaire <strong>parc d'attractions<\/strong> est devenu une <strong>salle de jeux et de paris sportifs<\/strong>.<\/p><p class=\"translation-block\">Comme toujours, vous nous trouverez sur la rue commer\u00e7ante principale de <strong>Platja d'Aro<\/strong> o\u00f9 vous pourrez profiter de notre gamme de jeux et d'activit\u00e9s de loisirs.<\/p>\t\t\t\t\t\t\t\t<\/div>\n\t\t\t\t<div class=\"elementor-element elementor-element-8b07522 elementor-widget elementor-widget-heading\" data-id=\"8b07522\" data-element_type=\"widget\" data-e-type=\"widget\" data-widget_type=\"heading.default\">\n\t\t\t\t\t<h3 class=\"elementor-heading-title elementor-size-default\">O\u00f9 sommes-nous?<\/h3>\t\t\t\t<\/div>\n\t\t\t\t<div class=\"elementor-element elementor-element-2e9250a elementor-icon-list--layout-inline elementor-align-center elementor-list-item-link-full_width elementor-widget elementor-widget-icon-list\" data-id=\"2e9250a\" data-element_type=\"widget\" data-e-type=\"widget\" data-widget_type=\"icon-list.default\">\n\t\t\t\t\t\t\t<ul class=\"elementor-icon-list-items elementor-inline-items\">\n\t\t\t\t\t\t\t<li class=\"elementor-icon-list-item elementor-inline-item\">\n\t\t\t\t\t\t\t\t\t\t\t<a href=\"https:\/\/www.google.com\/maps\/place\/SPORTIUM+en+Salon+de+Juegos+Magic+Park\/@41.8125309,3.0597102,17z\/data=!4m8!1m2!2m1!1smagic+park+platja+d&#039;aro!3m4!1s0x12bb01bc910ac0d9:0x34dfb76ab0b9f758!8m2!3d41.8130041!4d3.0626703\" target=\"_blank\">\n\n\t\t\t\t\t\t\t\t\t\t\t\t<span class=\"elementor-icon-list-icon\">\n\t\t\t\t\t\t\t<svg aria-hidden=\"true\" class=\"e-font-icon-svg e-fas-map-marker-alt\" viewbox=\"0 0 384 512\" xmlns=\"http:\/\/www.w3.org\/2000\/svg\"><path d=\"M172.268 501.67C26.97 291.031 0 269.413 0 192 0 85.961 85.961 0 192 0s192 85.961 192 192c0 77.413-26.97 99.031-172.268 309.67-9.535 13.774-29.93 13.773-39.464 0zM192 272c44.183 0 80-35.817 80-80s-35.817-80-80-80-80 35.817-80 80 35.817 80 80 80z\"><\/path><\/svg>\t\t\t\t\t\t<\/span>\n\t\t\t\t\t\t\t\t\t\t<span class=\"elementor-icon-list-text\">Av s\u2019Agar\u00f3, 90 - Avenue principale de Platja d\u2019Aro <b>Platja d\u2019Aro<\/b><\/span>\n\t\t\t\t\t\t\t\t\t\t\t<\/a>\n\t\t\t\t\t\t\t\t\t<\/li>\n\t\t\t\t\t\t<\/ul>\n\t\t\t\t\t\t<\/div>\n\t\t\t\t<div class=\"elementor-element elementor-element-d734030 elementor-widget elementor-widget-google_maps\" data-id=\"d734030\" data-element_type=\"widget\" data-e-type=\"widget\" data-widget_type=\"google_maps.default\">\n\t\t\t\t\t\t\t<div class=\"elementor-custom-embed\">\n\t\t\t<iframe loading=\"lazy\"\n\t\t\t\t\tsrc=\"https:\/\/maps.google.com\/maps?q=Magic%20Park.%20Platja%20d%27Aro&#038;t=m&#038;z=13&#038;output=embed&#038;iwloc=near\"\n\t\t\t\t\ttitle=\"Magic Park. Platja d&#039;Aro\"\n\t\t\t\t\taria-label=\"Magic Park. Platja d&#039;Aro\"\n\t\t\t><\/iframe>\n\t\t<\/div>\n\t\t\t\t\t\t<\/div>\n\t\t\t\t<div class=\"elementor-element elementor-element-16f49f7 elementor-widget elementor-widget-image\" data-id=\"16f49f7\" data-element_type=\"widget\" data-e-type=\"widget\" data-widget_type=\"image.default\">\n\t\t\t\t\t\t\t\t\t\t\t\t\t\t\t<img fetchpriority=\"high\" decoding=\"async\" width=\"800\" height=\"470\" src=\"https:\/\/www.magicpark.com\/wp-content\/uploads\/2024\/04\/Magic-Park-Acessibilitat-On-som.jpg\" class=\"attachment-full size-full wp-image-3211\" alt=\"\" srcset=\"https:\/\/www.magicpark.com\/wp-content\/uploads\/2024\/04\/Magic-Park-Acessibilitat-On-som.jpg 800w, https:\/\/www.magicpark.com\/wp-content\/uploads\/2024\/04\/Magic-Park-Acessibilitat-On-som-300x176.jpg 300w, https:\/\/www.magicpark.com\/wp-content\/uploads\/2024\/04\/Magic-Park-Acessibilitat-On-som-768x451.jpg 768w\" sizes=\"(max-width: 800px) 100vw, 800px\" \/>\t\t\t\t\t\t\t\t\t\t\t\t\t\t\t<\/div>\n\t\t\t\t<div class=\"elementor-element elementor-element-bd3b729 elementor-widget elementor-widget-heading\" data-id=\"bd3b729\" data-element_type=\"widget\" data-e-type=\"widget\" data-widget_type=\"heading.default\">\n\t\t\t\t\t<h3 class=\"elementor-heading-title elementor-size-default\">Comment arriver?<\/h3>\t\t\t\t<\/div>\n\t\t\t\t<section class=\"elementor-section elementor-inner-section elementor-element elementor-element-5694914 elementor-section-boxed elementor-section-height-default elementor-section-height-default\" data-id=\"5694914\" data-element_type=\"section\" data-e-type=\"section\">\n\t\t\t\t\t\t<div class=\"elementor-container elementor-column-gap-default\">\n\t\t\t\t\t<div class=\"elementor-column elementor-col-50 elementor-inner-column elementor-element elementor-element-aae3ea6\" data-id=\"aae3ea6\" data-element_type=\"column\" data-e-type=\"column\">\n\t\t\t<div class=\"elementor-widget-wrap elementor-element-populated\">\n\t\t\t\t\t\t<div class=\"elementor-element elementor-element-dd4fc45 elementor-view-default elementor-position-block-start elementor-mobile-position-block-start elementor-widget elementor-widget-icon-box\" data-id=\"dd4fc45\" data-element_type=\"widget\" data-e-type=\"widget\" data-widget_type=\"icon-box.default\">\n\t\t\t\t\t\t\t<div class=\"elementor-icon-box-wrapper\">\n\n\t\t\t\t\t\t<div class=\"elementor-icon-box-icon\">\n\t\t\t\t<span  class=\"elementor-icon\">\n\t\t\t\t<svg aria-hidden=\"true\" class=\"e-font-icon-svg e-fas-bus\" viewbox=\"0 0 512 512\" xmlns=\"http:\/\/www.w3.org\/2000\/svg\"><path d=\"M488 128h-8V80c0-44.8-99.2-80-224-80S32 35.2 32 80v48h-8c-13.25 0-24 10.74-24 24v80c0 13.25 10.75 24 24 24h8v160c0 17.67 14.33 32 32 32v32c0 17.67 14.33 32 32 32h32c17.67 0 32-14.33 32-32v-32h192v32c0 17.67 14.33 32 32 32h32c17.67 0 32-14.33 32-32v-32h6.4c16 0 25.6-12.8 25.6-25.6V256h8c13.25 0 24-10.75 24-24v-80c0-13.26-10.75-24-24-24zM112 400c-17.67 0-32-14.33-32-32s14.33-32 32-32 32 14.33 32 32-14.33 32-32 32zm16-112c-17.67 0-32-14.33-32-32V128c0-17.67 14.33-32 32-32h256c17.67 0 32 14.33 32 32v128c0 17.67-14.33 32-32 32H128zm272 112c-17.67 0-32-14.33-32-32s14.33-32 32-32 32 14.33 32 32-14.33 32-32 32z\"><\/path><\/svg>\t\t\t\t<\/span>\n\t\t\t<\/div>\n\t\t\t\n\t\t\t\t\t\t<div class=\"elementor-icon-box-content\">\n\n\t\t\t\t\t\t\t\t\t<h3 class=\"elementor-icon-box-title\">\n\t\t\t\t\t\t<span  >\n\t\t\t\t\t\t\tEn Bus\t\t\t\t\t\t<\/span>\n\t\t\t\t\t<\/h3>\n\t\t\t\t\n\t\t\t\t\t\t\t\t\t<p class=\"elementor-icon-box-description\">\n\t\t\t\t\t\tLa gare routi\u00e8re (soci\u00e9t\u00e9s Sarfa et Moventis) se trouve \u00e0 200 m\u00e8tres des lieux.\n\t\t\t\t\t<\/p>\n\t\t\t\t\n\t\t\t<\/div>\n\t\t\t\n\t\t<\/div>\n\t\t\t\t\t\t<\/div>\n\t\t\t\t\t<\/div>\n\t\t<\/div>\n\t\t\t\t<div class=\"elementor-column elementor-col-50 elementor-inner-column elementor-element elementor-element-c4efe2f\" data-id=\"c4efe2f\" data-element_type=\"column\" data-e-type=\"column\">\n\t\t\t<div class=\"elementor-widget-wrap elementor-element-populated\">\n\t\t\t\t\t\t<div class=\"elementor-element elementor-element-9788f54 elementor-view-default elementor-position-block-start elementor-mobile-position-block-start elementor-widget elementor-widget-icon-box\" data-id=\"9788f54\" data-element_type=\"widget\" data-e-type=\"widget\" data-widget_type=\"icon-box.default\">\n\t\t\t\t\t\t\t<div class=\"elementor-icon-box-wrapper\">\n\n\t\t\t\t\t\t<div class=\"elementor-icon-box-icon\">\n\t\t\t\t<span  class=\"elementor-icon\">\n\t\t\t\t<svg aria-hidden=\"true\" class=\"e-font-icon-svg e-fas-car-alt\" viewbox=\"0 0 480 512\" xmlns=\"http:\/\/www.w3.org\/2000\/svg\"><path d=\"M438.66 212.33l-11.24-28.1-19.93-49.83C390.38 91.63 349.57 64 303.5 64h-127c-46.06 0-86.88 27.63-103.99 70.4l-19.93 49.83-11.24 28.1C17.22 221.5 0 244.66 0 272v48c0 16.12 6.16 30.67 16 41.93V416c0 17.67 14.33 32 32 32h32c17.67 0 32-14.33 32-32v-32h256v32c0 17.67 14.33 32 32 32h32c17.67 0 32-14.33 32-32v-54.07c9.84-11.25 16-25.8 16-41.93v-48c0-27.34-17.22-50.5-41.34-59.67zm-306.73-54.16c7.29-18.22 24.94-30.17 44.57-30.17h127c19.63 0 37.28 11.95 44.57 30.17L368 208H112l19.93-49.83zM80 319.8c-19.2 0-32-12.76-32-31.9S60.8 256 80 256s48 28.71 48 47.85-28.8 15.95-48 15.95zm320 0c-19.2 0-48 3.19-48-15.95S380.8 256 400 256s32 12.76 32 31.9-12.8 31.9-32 31.9z\"><\/path><\/svg>\t\t\t\t<\/span>\n\t\t\t<\/div>\n\t\t\t\n\t\t\t\t\t\t<div class=\"elementor-icon-box-content\">\n\n\t\t\t\t\t\t\t\t\t<h3 class=\"elementor-icon-box-title\">\n\t\t\t\t\t\t<span  >\n\t\t\t\t\t\t\tEn voiture\t\t\t\t\t\t<\/span>\n\t\t\t\t\t<\/h3>\n\t\t\t\t\n\t\t\t\t\t\t\t\t\t<p class=\"elementor-icon-box-description\">\n\t\t\t\t\t\tDe la route C31, la sortie centre Platja d'Aro se trouve \u00e0 2 km de l'\u00e9tablissement.\t\t\t\t\t<\/p>\n\t\t\t\t\n\t\t\t<\/div>\n\t\t\t\n\t\t<\/div>\n\t\t\t\t\t\t<\/div>\n\t\t\t\t\t<\/div>\n\t\t<\/div>\n\t\t\t\t\t<\/div>\n\t\t<\/section>\n\t\t\t\t<div class=\"elementor-element elementor-element-e81df5f elementor-widget elementor-widget-heading\" data-id=\"e81df5f\" data-element_type=\"widget\" data-e-type=\"widget\" data-widget_type=\"heading.default\">\n\t\t\t\t\t<p class=\"elementor-heading-title elementor-size-default\">\n\n<\/p>\t\t\t\t<\/div>\n\t\t\t\t\t<\/div>\n\t\t<\/div>\n\t\t\t\t\t<\/div>\n\t\t<\/section>\n\t\t\t\t<section class=\"elementor-section elementor-top-section elementor-element elementor-element-5036ea93 elementor-section-full_width elementor-section-height-default elementor-section-height-default\" data-id=\"5036ea93\" data-element_type=\"section\" data-e-type=\"section\">\n\t\t\t\t\t\t<div class=\"elementor-container elementor-column-gap-no\">\n\t\t\t\t\t<div class=\"elementor-column elementor-col-100 elementor-top-column elementor-element elementor-element-eb33154\" data-id=\"eb33154\" data-element_type=\"column\" data-e-type=\"column\">\n\t\t\t<div class=\"elementor-widget-wrap elementor-element-populated\">\n\t\t\t\t\t\t<div class=\"elementor-element elementor-element-78f409e elementor-widget elementor-widget-heading\" data-id=\"78f409e\" data-element_type=\"widget\" data-e-type=\"widget\" data-widget_type=\"heading.default\">\n\t\t\t\t\t<h3 class=\"elementor-heading-title elementor-size-default\">Comment est l'acc\u00e8s?<\/h3>\t\t\t\t<\/div>\n\t\t\t\t<div class=\"elementor-element elementor-element-f81c813 elementor-position-top elementor-widget elementor-widget-image-box\" data-id=\"f81c813\" data-element_type=\"widget\" data-e-type=\"widget\" data-widget_type=\"image-box.default\">\n\t\t\t\t\t<div class=\"elementor-image-box-wrapper\"><figure class=\"elementor-image-box-img\"><img decoding=\"async\" width=\"800\" height=\"470\" src=\"https:\/\/www.magicpark.com\/wp-content\/uploads\/2024\/04\/Magic-Park-Acessibilitat-Com-es-lacces.jpg\" class=\"attachment-full size-full wp-image-3229\" alt=\"\" srcset=\"https:\/\/www.magicpark.com\/wp-content\/uploads\/2024\/04\/Magic-Park-Acessibilitat-Com-es-lacces.jpg 800w, https:\/\/www.magicpark.com\/wp-content\/uploads\/2024\/04\/Magic-Park-Acessibilitat-Com-es-lacces-300x176.jpg 300w, https:\/\/www.magicpark.com\/wp-content\/uploads\/2024\/04\/Magic-Park-Acessibilitat-Com-es-lacces-768x451.jpg 768w\" sizes=\"(max-width: 800px) 100vw, 800px\" \/><\/figure><div class=\"elementor-image-box-content\"><p class=\"elementor-image-box-description\">Toute l'avenue est dot\u00e9e de larges trottoirs. Devant les locaux il y a une zone avec parking.<\/p><\/div><\/div>\t\t\t\t<\/div>\n\t\t\t\t<div class=\"elementor-element elementor-element-eea0af7 elementor-position-top elementor-widget elementor-widget-image-box\" data-id=\"eea0af7\" data-element_type=\"widget\" data-e-type=\"widget\" data-widget_type=\"image-box.default\">\n\t\t\t\t\t<div class=\"elementor-image-box-wrapper\"><figure class=\"elementor-image-box-img\"><img loading=\"lazy\" decoding=\"async\" width=\"800\" height=\"470\" src=\"https:\/\/www.magicpark.com\/wp-content\/uploads\/2024\/04\/Magic-Park-Acessibilitat-Placa-reservada-per-a-persones-amb-mobilitat-reduida.jpg\" class=\"attachment-full size-full wp-image-3240\" alt=\"\" srcset=\"https:\/\/www.magicpark.com\/wp-content\/uploads\/2024\/04\/Magic-Park-Acessibilitat-Placa-reservada-per-a-persones-amb-mobilitat-reduida.jpg 800w, https:\/\/www.magicpark.com\/wp-content\/uploads\/2024\/04\/Magic-Park-Acessibilitat-Placa-reservada-per-a-persones-amb-mobilitat-reduida-300x176.jpg 300w, https:\/\/www.magicpark.com\/wp-content\/uploads\/2024\/04\/Magic-Park-Acessibilitat-Placa-reservada-per-a-persones-amb-mobilitat-reduida-768x451.jpg 768w\" sizes=\"(max-width: 800px) 100vw, 800px\" \/><\/figure><div class=\"elementor-image-box-content\"><p class=\"elementor-image-box-description\">Il y a une place r\u00e9serv\u00e9e aux personnes \u00e0 mobilit\u00e9 r\u00e9duite.<\/p><\/div><\/div>\t\t\t\t<\/div>\n\t\t\t\t\t<\/div>\n\t\t<\/div>\n\t\t\t\t\t<\/div>\n\t\t<\/section>\n\t\t\t\t<section class=\"elementor-section elementor-top-section elementor-element elementor-element-3e05328 elementor-section-full_width elementor-section-height-default elementor-section-height-default\" data-id=\"3e05328\" data-element_type=\"section\" data-e-type=\"section\">\n\t\t\t\t\t\t<div class=\"elementor-container elementor-column-gap-no\">\n\t\t\t\t\t<div class=\"elementor-column elementor-col-100 elementor-top-column elementor-element elementor-element-208c838\" data-id=\"208c838\" data-element_type=\"column\" data-e-type=\"column\">\n\t\t\t<div class=\"elementor-widget-wrap elementor-element-populated\">\n\t\t\t\t\t\t<div class=\"elementor-element elementor-element-1e60b50 elementor-widget elementor-widget-heading\" data-id=\"1e60b50\" data-element_type=\"widget\" data-e-type=\"widget\" data-widget_type=\"heading.default\">\n\t\t\t\t\t<h3 class=\"elementor-heading-title elementor-size-default\">De quelles mesures d\u2019accessibilit\u00e9 disposons-nous?<\/h3>\t\t\t\t<\/div>\n\t\t\t\t<div class=\"elementor-element elementor-element-bfe2e36 elementor-position-top elementor-widget elementor-widget-image-box\" data-id=\"bfe2e36\" data-element_type=\"widget\" data-e-type=\"widget\" data-widget_type=\"image-box.default\">\n\t\t\t\t\t<div class=\"elementor-image-box-wrapper\"><figure class=\"elementor-image-box-img\"><img loading=\"lazy\" decoding=\"async\" width=\"800\" height=\"470\" src=\"https:\/\/www.magicpark.com\/wp-content\/uploads\/2024\/04\/Magic-Park-Acessibilitat-Mesures-dacessibilitat.jpg\" class=\"attachment-full size-full wp-image-3316\" alt=\"Magic Park - Acessibilitat - Mesures d&#039;acessibilitat\" srcset=\"https:\/\/www.magicpark.com\/wp-content\/uploads\/2024\/04\/Magic-Park-Acessibilitat-Mesures-dacessibilitat.jpg 800w, https:\/\/www.magicpark.com\/wp-content\/uploads\/2024\/04\/Magic-Park-Acessibilitat-Mesures-dacessibilitat-300x176.jpg 300w, https:\/\/www.magicpark.com\/wp-content\/uploads\/2024\/04\/Magic-Park-Acessibilitat-Mesures-dacessibilitat-768x451.jpg 768w\" sizes=\"(max-width: 800px) 100vw, 800px\" \/><\/figure><div class=\"elementor-image-box-content\"><p class=\"elementor-image-box-description translation-block\">- Sur la fa\u00e7ade, il y a une identification avec des pictogrammes et du braille.<br>\n- L'acc\u00e8s est gratuit. Les portes d'entr\u00e9e sont coulissantes.<br>\n- Les locaux ont deux \u00e9tages. Le rez-de-chauss\u00e9e est accessible aux personnes \u00e0 mobilit\u00e9 r\u00e9duite.<br>\n- Tous les services du premier \u00e9tage sont \u00e9galement situ\u00e9s au rez-de-chauss\u00e9e.<\/p><\/div><\/div>\t\t\t\t<\/div>\n\t\t\t\t<div class=\"elementor-element elementor-element-2d1d8a1 elementor-position-top elementor-widget elementor-widget-image-box\" data-id=\"2d1d8a1\" data-element_type=\"widget\" data-e-type=\"widget\" data-widget_type=\"image-box.default\">\n\t\t\t\t\t<div class=\"elementor-image-box-wrapper\"><figure class=\"elementor-image-box-img\"><img loading=\"lazy\" decoding=\"async\" width=\"800\" height=\"470\" src=\"https:\/\/www.magicpark.com\/wp-content\/uploads\/2024\/04\/Magic-Park-Acessibilitat-Bany-adaptat.jpg\" class=\"attachment-full size-full wp-image-3317\" alt=\"Magic Park - Acessibilitat - Bany adaptat\" srcset=\"https:\/\/www.magicpark.com\/wp-content\/uploads\/2024\/04\/Magic-Park-Acessibilitat-Bany-adaptat.jpg 800w, https:\/\/www.magicpark.com\/wp-content\/uploads\/2024\/04\/Magic-Park-Acessibilitat-Bany-adaptat-300x176.jpg 300w, https:\/\/www.magicpark.com\/wp-content\/uploads\/2024\/04\/Magic-Park-Acessibilitat-Bany-adaptat-768x451.jpg 768w\" sizes=\"(max-width: 800px) 100vw, 800px\" \/><\/figure><div class=\"elementor-image-box-content\"><p class=\"elementor-image-box-description translation-block\">- Le comptoir d'accueil est \u00e0 double hauteur et dispose d'une boucle magn\u00e9tique.<br>\n- La salle de bain est adapt\u00e9e.<br>\n- Nous offrons \u00e9galement un service d'eau pour les chiens guides.<\/p><\/div><\/div>\t\t\t\t<\/div>\n\t\t\t\t\t<\/div>\n\t\t<\/div>\n\t\t\t\t\t<\/div>\n\t\t<\/section>\n\t\t\t\t<section class=\"elementor-section elementor-top-section elementor-element elementor-element-8308b0d elementor-section-full_width elementor-section-height-default elementor-section-height-default\" data-id=\"8308b0d\" data-element_type=\"section\" data-e-type=\"section\">\n\t\t\t\t\t\t<div class=\"elementor-container elementor-column-gap-no\">\n\t\t\t\t\t<div class=\"elementor-column elementor-col-100 elementor-top-column elementor-element elementor-element-c9aaf16\" data-id=\"c9aaf16\" data-element_type=\"column\" data-e-type=\"column\">\n\t\t\t<div class=\"elementor-widget-wrap elementor-element-populated\">\n\t\t\t\t\t\t<div class=\"elementor-element elementor-element-b73944f elementor-widget elementor-widget-heading\" data-id=\"b73944f\" data-element_type=\"widget\" data-e-type=\"widget\" data-widget_type=\"heading.default\">\n\t\t\t\t\t<h3 class=\"elementor-heading-title elementor-size-default\">Quels horaires faisons-nous?<\/h3>\t\t\t\t<\/div>\n\t\t\t\t<div class=\"elementor-element elementor-element-1b24883 elementor-widget elementor-widget-text-editor\" data-id=\"1b24883\" data-element_type=\"widget\" data-e-type=\"widget\" data-widget_type=\"text-editor.default\">\n\t\t\t\t\t\t\t\t\t<p><strong>Il est ouvert tous les jours de l\u2019ann\u00e9e<\/strong><\/p><p><strong>Hiver:<br \/><\/strong>Du lundi au jeudi, de 11h00 \u00e0 02h30<br \/>Les vendredis, samedis et jours f\u00e9ri\u00e9s, de 11h00 \u00e0 03h00<\/p><p><strong>Et\u00e9:<br \/><\/strong>Tous les jours de 11h00 \u00e0 04h00<\/p>\t\t\t\t\t\t\t\t<\/div>\n\t\t\t\t\t<\/div>\n\t\t<\/div>\n\t\t\t\t\t<\/div>\n\t\t<\/section>\n\t\t\t\t<\/div>","protected":false},"excerpt":{"rendered":"<p>Lectura f\u00e0cil Benvingut a Magic Park Platja d\u2019Aro Des del 2018 el m\u00edtic parc d\u2019atraccions ha passat a ser un Sal\u00f3 de Joc i Apostes Esportives. Com sempre, ens trobareu a la principal via comercial de Platja d\u2019Aro on podreu gaudir de la nostra oferta de joc i oci. On som? Av s\u2019Agar\u00f3, 90 &#8211;<br \/><a class=\"moretag\" href=\"https:\/\/www.magicpark.com\/fr\/accessibilitat\/\">+ Read More<\/a><\/p>","protected":false},"author":5,"featured_media":2951,"parent":0,"menu_order":0,"comment_status":"closed","ping_status":"closed","template":"","meta":{"footnotes":""},"class_list":["post-2909","page","type-page","status-publish","has-post-thumbnail","hentry"],"_links":{"self":[{"href":"https:\/\/www.magicpark.com\/fr\/wp-json\/wp\/v2\/pages\/2909","targetHints":{"allow":["GET"]}}],"collection":[{"href":"https:\/\/www.magicpark.com\/fr\/wp-json\/wp\/v2\/pages"}],"about":[{"href":"https:\/\/www.magicpark.com\/fr\/wp-json\/wp\/v2\/types\/page"}],"author":[{"embeddable":true,"href":"https:\/\/www.magicpark.com\/fr\/wp-json\/wp\/v2\/users\/5"}],"replies":[{"embeddable":true,"href":"https:\/\/www.magicpark.com\/fr\/wp-json\/wp\/v2\/comments?post=2909"}],"version-history":[{"count":0,"href":"https:\/\/www.magicpark.com\/fr\/wp-json\/wp\/v2\/pages\/2909\/revisions"}],"wp:featuredmedia":[{"embeddable":true,"href":"https:\/\/www.magicpark.com\/fr\/wp-json\/wp\/v2\/media\/2951"}],"wp:attachment":[{"href":"https:\/\/www.magicpark.com\/fr\/wp-json\/wp\/v2\/media?parent=2909"}],"curies":[{"name":"wp","href":"https:\/\/api.w.org\/{rel}","templated":true}]}}